{"id":2701,"date":"2021-04-01T15:39:51","date_gmt":"2021-04-01T13:39:51","guid":{"rendered":"https:\/\/www.flyingstreet.art\/archiv\/"},"modified":"2022-12-12T20:15:38","modified_gmt":"2022-12-12T19:15:38","slug":"archiv","status":"publish","type":"page","link":"https:\/\/www.flyingstreet.art\/de\/archiv\/","title":{"rendered":"Archiv"},"content":{"rendered":"\n<div class=\"mec-wrap mec-skin-list-container  \" id=\"mec_skin_1293\">\r\n    \r\n    \r\n            <div class=\"mec-skin-list-events-container\" id=\"mec_skin_events_1293\">\r\n        <div class=\"mec-wrap colorskin-custom\">\r\n\t<div class=\"mec-event-list-standard\">\r\n\t\t\r\n                        <div class=\"mec-month-divider\" data-toggle-divider=\"mec-toggle-202403-1293\"><span>M\u00e4rz 2024<\/span><i class=\"mec-sl-arrow-down\"><\/i><\/div>\r\n            \r\n                        <article class=\"mec-past-event mec-event-article  mec-clear  mec-divider-toggle mec-toggle-202403-1293\">\r\n                                                        <div class=\"mec-topsec\">\r\n                        <div class=\"col-md-3 mec-event-image-wrap mec-col-table-c\">\r\n                            <div class=\"mec-event-image\"><a data-event-id=\"3954\" href=\"https:\/\/www.flyingstreet.art\/de\/events\/st-art-festival-tegelen-hoopla-wit\/\" target=\"_blank\" rel=\"noopener\"><img loading=\"lazy\" decoding=\"async\" width=\"300\" height=\"300\" src=\"https:\/\/www.flyingstreet.art\/wp-content\/uploads\/2024\/03\/Flying-Street-Art_Hoopla_photo-by-Peter-Rommers_24_2540-300x300.jpg\" class=\"attachment-thumblist size-thumblist wp-post-image\" alt=\"\" data-mec-postid=\"3954\" \/><\/a><\/div>\r\n                        <\/div>\r\n                        <div class=\"col-md-6 mec-col-table-c mec-event-content-wrap\">\r\n                            <div class=\"mec-event-content\">\r\n                                                                <h3 class=\"mec-event-title\"><a class=\"mec-color-hover\" data-event-id=\"3954\" href=\"https:\/\/www.flyingstreet.art\/de\/events\/st-art-festival-tegelen-hoopla-wit\/\" target=\"_blank\" rel=\"noopener\">St-Art Festival Tegelen &#8211; Hoopla in winterlichem Glanz<\/a><span class=\"event-color\" style=\"background: #\"><\/span><\/h3>\r\n                                <div class=\"mec-event-description\">Am 10. M\u00e4rz ist es wieder soweit: St-Art festival in <span>...<\/span><\/div>\r\n                            <\/div>\r\n                        <\/div>\r\n                        <div class=\"col-md-3 mec-col-table-c mec-event-meta-wrap\">\r\n                            <div class=\"mec-event-meta mec-color-before\">\r\n                                <div class=\"mec-date-details\">\r\n                                                                            <span class=\"mec-event-d\"><span class=\"mec-start-date-label\" itemprop=\"startDate\">17 M\u00e4rz<\/span><\/span>\r\n                                                                    <\/div>\r\n                                                                <div class=\"mec-time-details\"><span class=\"mec-start-time\">8:00<\/span> - <span class=\"mec-end-time\">18:00<\/span><\/div>                                                                                                                                                                                                                            <\/div>\r\n                        <\/div>\r\n                    <\/div>\r\n                    <div class=\"mec-event-footer\">\r\n                                                <ul class=\"mec-event-sharing-wrap\">\r\n                            <li class=\"mec-event-share\">\r\n                                <a href=\"#\" class=\"mec-event-share-icon\">\r\n                                    <i class=\"mec-sl-share\" title=\"social share\"><\/i>\r\n                                <\/a>\r\n                            <\/li>\r\n                            <li>\r\n                                <ul class=\"mec-event-sharing\">\r\n                                    <li class=\"mec-event-social-icon\"><a class=\"facebook\" href=\"https:\/\/www.facebook.com\/sharer\/sharer.php?u=https%3A%2F%2Fwww.flyingstreet.art%2Fde%2Fevents%2Fst-art-festival-tegelen-hoopla-wit%2F\" title=\"Teilen auf Facebook\"><i class=\"mec-fa-facebook\"><\/i><\/a><\/li><li class=\"mec-event-social-icon\"><a class=\"twitter\" href=\"https:\/\/twitter.com\/share?url=https%3A%2F%2Fwww.flyingstreet.art%2Fde%2Fevents%2Fst-art-festival-tegelen-hoopla-wit%2F\" target=\"_blank\" title=\"Tweet\"><i class=\"mec-fa-twitter\"><\/i><\/a><\/li><li class=\"mec-event-social-icon\"><a class=\"linkedin\" href=\"https:\/\/www.linkedin.com\/shareArticle?mini=true&amp;url=https%3A%2F%2Fwww.flyingstreet.art%2Fde%2Fevents%2Fst-art-festival-tegelen-hoopla-wit%2F\" target=\"_blank\" title=\"Linkedin\"><i class=\"mec-fa-linkedin\"><\/i><\/a><\/li><li class=\"mec-event-social-icon\"><a class=\"pinterest\" href=\"http:\/\/pinterest.com\/pin\/create\/button\/?url=https%3A%2F%2Fwww.flyingstreet.art%2Fde%2Fevents%2Fst-art-festival-tegelen-hoopla-wit%2F\" title=\"Share on Pinterest\"><i class=\"mec-fa-pinterest\"><\/i><\/a><\/li><li class=\"mec-event-social-icon\"><a class=\"whatsapp\" href=\"\/\/send\/?text=https%3A%2F%2Fwww.flyingstreet.art%2Fde%2Fevents%2Fst-art-festival-tegelen-hoopla-wit%2F\" title=\"Share on WhatsApp\"><i class=\"mec-fa-whatsapp\"><\/i><\/a><\/li><li class=\"mec-event-social-icon\"><a class=\"email\" href=\"mailto:?subject=St-Art Festival Tegelen - Hoopla in winterlichem Glanz&amp;body=https%3A%2F%2Fwww.flyingstreet.art%2Fde%2Fevents%2Fst-art-festival-tegelen-hoopla-wit%2F\" title=\"E-Mail\"><i class=\"mec-fa-envelope\"><\/i><\/a><\/li>                                <\/ul>\r\n                            <\/li>\r\n                        <\/ul>\r\n                                                                                                <a class=\"mec-booking-button\" data-event-id=\"3954\" href=\"https:\/\/www.flyingstreet.art\/de\/events\/st-art-festival-tegelen-hoopla-wit\/\" target=\"_blank\" rel=\"noopener\">Details <\/a>                    <\/div>\r\n                            <\/article>\r\n            \t\t\r\n                        <div class=\"mec-month-divider\" data-toggle-divider=\"mec-toggle-202306-1293\"><span>Juni 2023<\/span><i class=\"mec-sl-arrow-down\"><\/i><\/div>\r\n            \r\n                        <article class=\"mec-past-event mec-event-article  mec-clear  mec-divider-toggle mec-toggle-202306-1293\">\r\n                                                        <div class=\"mec-topsec\">\r\n                        <div class=\"col-md-3 mec-event-image-wrap mec-col-table-c\">\r\n                            <div class=\"mec-event-image\"><a data-event-id=\"3366\" href=\"https:\/\/www.flyingstreet.art\/de\/events\/jahrmarkteroeffnung-am-kran-mit-tuchartistik\/\" target=\"_blank\" rel=\"noopener\"><img loading=\"lazy\" decoding=\"async\" width=\"300\" height=\"300\" src=\"https:\/\/www.flyingstreet.art\/wp-content\/uploads\/2023\/09\/IMG_1154-300x300.jpg\" class=\"attachment-thumblist size-thumblist wp-post-image\" alt=\"\" data-mec-postid=\"3366\" \/><\/a><\/div>\r\n                        <\/div>\r\n                        <div class=\"col-md-6 mec-col-table-c mec-event-content-wrap\">\r\n                            <div class=\"mec-event-content\">\r\n                                                                <h3 class=\"mec-event-title\"><a class=\"mec-color-hover\" data-event-id=\"3366\" href=\"https:\/\/www.flyingstreet.art\/de\/events\/jahrmarkteroeffnung-am-kran-mit-tuchartistik\/\" target=\"_blank\" rel=\"noopener\">Jahrmarkter\u00f6ffnung am Kran mit Tuchartistik<\/a><span class=\"event-color\" style=\"background: #\"><\/span><\/h3>\r\n                                <div class=\"mec-event-description\">Am 2 Juni er\u00f6ffneten wir den Jahrmarkt in Geleen mit <span>...<\/span><\/div>\r\n                            <\/div>\r\n                        <\/div>\r\n                        <div class=\"col-md-3 mec-col-table-c mec-event-meta-wrap\">\r\n                            <div class=\"mec-event-meta mec-color-before\">\r\n                                <div class=\"mec-date-details\">\r\n                                                                            <span class=\"mec-event-d\"><span class=\"mec-start-date-label\" itemprop=\"startDate\">02 Juni<\/span><\/span>\r\n                                                                    <\/div>\r\n                                                                <div class=\"mec-time-details\"><span class=\"mec-start-time\">16:00<\/span> - <span class=\"mec-end-time\">17:00<\/span><\/div>                                                                                                <div class=\"mec-venue-details\">\r\n                                    <span>Geleen<\/span><address class=\"mec-event-address\"><span>Zentrum Geleen<\/span><\/address>\r\n                                <\/div>\r\n                                                                                                                                                                                            <\/div>\r\n                        <\/div>\r\n                    <\/div>\r\n                    <div class=\"mec-event-footer\">\r\n                                                <ul class=\"mec-event-sharing-wrap\">\r\n                            <li class=\"mec-event-share\">\r\n                                <a href=\"#\" class=\"mec-event-share-icon\">\r\n                                    <i class=\"mec-sl-share\" title=\"social share\"><\/i>\r\n                                <\/a>\r\n                            <\/li>\r\n                            <li>\r\n                                <ul class=\"mec-event-sharing\">\r\n                                    <li class=\"mec-event-social-icon\"><a class=\"facebook\" href=\"https:\/\/www.facebook.com\/sharer\/sharer.php?u=https%3A%2F%2Fwww.flyingstreet.art%2Fde%2Fevents%2Fjahrmarkteroeffnung-am-kran-mit-tuchartistik%2F\" title=\"Teilen auf Facebook\"><i class=\"mec-fa-facebook\"><\/i><\/a><\/li><li class=\"mec-event-social-icon\"><a class=\"twitter\" href=\"https:\/\/twitter.com\/share?url=https%3A%2F%2Fwww.flyingstreet.art%2Fde%2Fevents%2Fjahrmarkteroeffnung-am-kran-mit-tuchartistik%2F\" target=\"_blank\" title=\"Tweet\"><i class=\"mec-fa-twitter\"><\/i><\/a><\/li><li class=\"mec-event-social-icon\"><a class=\"linkedin\" href=\"https:\/\/www.linkedin.com\/shareArticle?mini=true&amp;url=https%3A%2F%2Fwww.flyingstreet.art%2Fde%2Fevents%2Fjahrmarkteroeffnung-am-kran-mit-tuchartistik%2F\" target=\"_blank\" title=\"Linkedin\"><i class=\"mec-fa-linkedin\"><\/i><\/a><\/li><li class=\"mec-event-social-icon\"><a class=\"pinterest\" href=\"http:\/\/pinterest.com\/pin\/create\/button\/?url=https%3A%2F%2Fwww.flyingstreet.art%2Fde%2Fevents%2Fjahrmarkteroeffnung-am-kran-mit-tuchartistik%2F\" title=\"Share on Pinterest\"><i class=\"mec-fa-pinterest\"><\/i><\/a><\/li><li class=\"mec-event-social-icon\"><a class=\"whatsapp\" href=\"\/\/send\/?text=https%3A%2F%2Fwww.flyingstreet.art%2Fde%2Fevents%2Fjahrmarkteroeffnung-am-kran-mit-tuchartistik%2F\" title=\"Share on WhatsApp\"><i class=\"mec-fa-whatsapp\"><\/i><\/a><\/li><li class=\"mec-event-social-icon\"><a class=\"email\" href=\"mailto:?subject=Jahrmarkter\u00f6ffnung am Kran mit Tuchartistik&amp;body=https%3A%2F%2Fwww.flyingstreet.art%2Fde%2Fevents%2Fjahrmarkteroeffnung-am-kran-mit-tuchartistik%2F\" title=\"E-Mail\"><i class=\"mec-fa-envelope\"><\/i><\/a><\/li>                                <\/ul>\r\n                            <\/li>\r\n                        <\/ul>\r\n                                                                                                <a class=\"mec-booking-button\" data-event-id=\"3366\" href=\"https:\/\/www.flyingstreet.art\/de\/events\/jahrmarkteroeffnung-am-kran-mit-tuchartistik\/\" target=\"_blank\" rel=\"noopener\">Details <\/a>                    <\/div>\r\n                            <\/article>\r\n            \t\t\r\n                        <div class=\"mec-month-divider\" data-toggle-divider=\"mec-toggle-202303-1293\"><span>M\u00e4rz 2023<\/span><i class=\"mec-sl-arrow-down\"><\/i><\/div>\r\n            \r\n                        <article class=\"mec-past-event mec-event-article  mec-clear  mec-divider-toggle mec-toggle-202303-1293\">\r\n                                                        <div class=\"mec-topsec\">\r\n                        <div class=\"col-md-3 mec-event-image-wrap mec-col-table-c\">\r\n                            <div class=\"mec-event-image\"><a data-event-id=\"2972\" href=\"https:\/\/www.flyingstreet.art\/de\/events\/endlich-ein-luftartistischer-walkact\/\" target=\"_blank\" rel=\"noopener\"><img loading=\"lazy\" decoding=\"async\" width=\"300\" height=\"300\" src=\"https:\/\/www.flyingstreet.art\/wp-content\/uploads\/2023\/03\/Hoepela-samen-klein-300x300.jpg\" class=\"attachment-thumblist size-thumblist wp-post-image\" alt=\"\" data-mec-postid=\"2972\" \/><\/a><\/div>\r\n                        <\/div>\r\n                        <div class=\"col-md-6 mec-col-table-c mec-event-content-wrap\">\r\n                            <div class=\"mec-event-content\">\r\n                                                                <h3 class=\"mec-event-title\"><a class=\"mec-color-hover\" data-event-id=\"2972\" href=\"https:\/\/www.flyingstreet.art\/de\/events\/endlich-ein-luftartistischer-walkact\/\" target=\"_blank\" rel=\"noopener\">Endlich ein luftartistischer Walkact!<\/a><span class=\"event-color\" style=\"background: #00a0d2\"><\/span><\/h3>\r\n                                <div class=\"mec-event-description\">Komm zum St-Art-Festival nach Tegelen: Endlich ein luftakrobatischer Walk-Act im <span>...<\/span><\/div>\r\n                            <\/div>\r\n                        <\/div>\r\n                        <div class=\"col-md-3 mec-col-table-c mec-event-meta-wrap\">\r\n                            <div class=\"mec-event-meta mec-color-before\">\r\n                                <div class=\"mec-date-details\">\r\n                                                                            <span class=\"mec-event-d\"><span class=\"mec-start-date-label\" itemprop=\"startDate\">12 M\u00e4rz<\/span><\/span>\r\n                                                                    <\/div>\r\n                                                                <div class=\"mec-time-details\"><span class=\"mec-start-time\">0:00<\/span> - <span class=\"mec-end-time\">0:00<\/span><\/div>                                                                                                <div class=\"mec-venue-details\">\r\n                                    <span>De Doolhof Tegelen<\/span><address class=\"mec-event-address\"><span>De Drink 60, 5932 CP Tegelen<\/span><\/address>\r\n                                <\/div>\r\n                                                                                                                                                                                            <\/div>\r\n                        <\/div>\r\n                    <\/div>\r\n                    <div class=\"mec-event-footer\">\r\n                                                <ul class=\"mec-event-sharing-wrap\">\r\n                            <li class=\"mec-event-share\">\r\n                                <a href=\"#\" class=\"mec-event-share-icon\">\r\n                                    <i class=\"mec-sl-share\" title=\"social share\"><\/i>\r\n                                <\/a>\r\n                            <\/li>\r\n                            <li>\r\n                                <ul class=\"mec-event-sharing\">\r\n                                    <li class=\"mec-event-social-icon\"><a class=\"facebook\" href=\"https:\/\/www.facebook.com\/sharer\/sharer.php?u=https%3A%2F%2Fwww.flyingstreet.art%2Fde%2Fevents%2Fendlich-ein-luftartistischer-walkact%2F\" title=\"Teilen auf Facebook\"><i class=\"mec-fa-facebook\"><\/i><\/a><\/li><li class=\"mec-event-social-icon\"><a class=\"twitter\" href=\"https:\/\/twitter.com\/share?url=https%3A%2F%2Fwww.flyingstreet.art%2Fde%2Fevents%2Fendlich-ein-luftartistischer-walkact%2F\" target=\"_blank\" title=\"Tweet\"><i class=\"mec-fa-twitter\"><\/i><\/a><\/li><li class=\"mec-event-social-icon\"><a class=\"linkedin\" href=\"https:\/\/www.linkedin.com\/shareArticle?mini=true&amp;url=https%3A%2F%2Fwww.flyingstreet.art%2Fde%2Fevents%2Fendlich-ein-luftartistischer-walkact%2F\" target=\"_blank\" title=\"Linkedin\"><i class=\"mec-fa-linkedin\"><\/i><\/a><\/li><li class=\"mec-event-social-icon\"><a class=\"pinterest\" href=\"http:\/\/pinterest.com\/pin\/create\/button\/?url=https%3A%2F%2Fwww.flyingstreet.art%2Fde%2Fevents%2Fendlich-ein-luftartistischer-walkact%2F\" title=\"Share on Pinterest\"><i class=\"mec-fa-pinterest\"><\/i><\/a><\/li><li class=\"mec-event-social-icon\"><a class=\"whatsapp\" href=\"\/\/send\/?text=https%3A%2F%2Fwww.flyingstreet.art%2Fde%2Fevents%2Fendlich-ein-luftartistischer-walkact%2F\" title=\"Share on WhatsApp\"><i class=\"mec-fa-whatsapp\"><\/i><\/a><\/li><li class=\"mec-event-social-icon\"><a class=\"email\" href=\"mailto:?subject=Endlich ein luftartistischer Walkact!&amp;body=https%3A%2F%2Fwww.flyingstreet.art%2Fde%2Fevents%2Fendlich-ein-luftartistischer-walkact%2F\" title=\"E-Mail\"><i class=\"mec-fa-envelope\"><\/i><\/a><\/li>                                <\/ul>\r\n                            <\/li>\r\n                        <\/ul>\r\n                                                                                                <a class=\"mec-booking-button\" data-event-id=\"2972\" href=\"https:\/\/www.flyingstreet.art\/de\/events\/endlich-ein-luftartistischer-walkact\/\" target=\"_blank\" rel=\"noopener\">Details <\/a>                    <\/div>\r\n                            <\/article>\r\n            \t\t\r\n                        <div class=\"mec-month-divider\" data-toggle-divider=\"mec-toggle-202108-1293\"><span>August 2021<\/span><i class=\"mec-sl-arrow-down\"><\/i><\/div>\r\n            \r\n                        <article class=\"mec-past-event mec-event-article  mec-clear  mec-divider-toggle mec-toggle-202108-1293\">\r\n                                                        <div class=\"mec-topsec\">\r\n                        <div class=\"col-md-3 mec-event-image-wrap mec-col-table-c\">\r\n                            <div class=\"mec-event-image\"><a data-event-id=\"3365\" href=\"https:\/\/www.flyingstreet.art\/de\/events\/highline-festival-auf-burg-hohnstein\/\" target=\"_blank\" rel=\"noopener\"><img loading=\"lazy\" decoding=\"async\" width=\"300\" height=\"300\" src=\"https:\/\/www.flyingstreet.art\/wp-content\/uploads\/2021\/10\/20210829_Fest_102-300x300.jpg\" class=\"attachment-thumblist size-thumblist wp-post-image\" alt=\"\" data-mec-postid=\"3365\" \/><\/a><\/div>\r\n                        <\/div>\r\n                        <div class=\"col-md-6 mec-col-table-c mec-event-content-wrap\">\r\n                            <div class=\"mec-event-content\">\r\n                                                                <h3 class=\"mec-event-title\"><a class=\"mec-color-hover\" data-event-id=\"3365\" href=\"https:\/\/www.flyingstreet.art\/de\/events\/highline-festival-auf-burg-hohnstein\/\" target=\"_blank\" rel=\"noopener\">Highline Festival auf Burg Hohnstein<\/a><span class=\"event-color\" style=\"background: #\"><\/span><\/h3>\r\n                                <div class=\"mec-event-description\">Highlines spannen \u00fcber den D\u00e4chern Hohnsteins und zwischen Sandsteinfelsen. Das ganze Wochenende wird es tolle Akrobatik zu sehen geben. <span>...<\/span><\/div>\r\n                            <\/div>\r\n                        <\/div>\r\n                        <div class=\"col-md-3 mec-col-table-c mec-event-meta-wrap\">\r\n                            <div class=\"mec-event-meta mec-color-before\">\r\n                                <div class=\"mec-date-details\">\r\n                                                                            <span class=\"mec-event-d\"><span class=\"mec-start-date-label\" itemprop=\"startDate\">29 Aug.<\/span><\/span>\r\n                                                                    <\/div>\r\n                                                                <div class=\"mec-time-details\"><span class=\"mec-start-time\">10:00<\/span><\/div>                                                                                                <div class=\"mec-venue-details\">\r\n                                    <span>Burg Hohnstein<\/span><address class=\"mec-event-address\"><span>Markt 1, 01848 Hohnstein, Deutschland<\/span><\/address>\r\n                                <\/div>\r\n                                                                                                                                                                                            <\/div>\r\n                        <\/div>\r\n                    <\/div>\r\n                    <div class=\"mec-event-footer\">\r\n                                                <ul class=\"mec-event-sharing-wrap\">\r\n                            <li class=\"mec-event-share\">\r\n                                <a href=\"#\" class=\"mec-event-share-icon\">\r\n                                    <i class=\"mec-sl-share\" title=\"social share\"><\/i>\r\n                                <\/a>\r\n                            <\/li>\r\n                            <li>\r\n                                <ul class=\"mec-event-sharing\">\r\n                                    <li class=\"mec-event-social-icon\"><a class=\"facebook\" href=\"https:\/\/www.facebook.com\/sharer\/sharer.php?u=https%3A%2F%2Fwww.flyingstreet.art%2Fde%2Fevents%2Fhighline-festival-auf-burg-hohnstein%2F\" title=\"Teilen auf Facebook\"><i class=\"mec-fa-facebook\"><\/i><\/a><\/li><li class=\"mec-event-social-icon\"><a class=\"twitter\" href=\"https:\/\/twitter.com\/share?url=https%3A%2F%2Fwww.flyingstreet.art%2Fde%2Fevents%2Fhighline-festival-auf-burg-hohnstein%2F\" target=\"_blank\" title=\"Tweet\"><i class=\"mec-fa-twitter\"><\/i><\/a><\/li><li class=\"mec-event-social-icon\"><a class=\"linkedin\" href=\"https:\/\/www.linkedin.com\/shareArticle?mini=true&amp;url=https%3A%2F%2Fwww.flyingstreet.art%2Fde%2Fevents%2Fhighline-festival-auf-burg-hohnstein%2F\" target=\"_blank\" title=\"Linkedin\"><i class=\"mec-fa-linkedin\"><\/i><\/a><\/li><li class=\"mec-event-social-icon\"><a class=\"pinterest\" href=\"http:\/\/pinterest.com\/pin\/create\/button\/?url=https%3A%2F%2Fwww.flyingstreet.art%2Fde%2Fevents%2Fhighline-festival-auf-burg-hohnstein%2F\" title=\"Share on Pinterest\"><i class=\"mec-fa-pinterest\"><\/i><\/a><\/li><li class=\"mec-event-social-icon\"><a class=\"whatsapp\" href=\"\/\/send\/?text=https%3A%2F%2Fwww.flyingstreet.art%2Fde%2Fevents%2Fhighline-festival-auf-burg-hohnstein%2F\" title=\"Share on WhatsApp\"><i class=\"mec-fa-whatsapp\"><\/i><\/a><\/li><li class=\"mec-event-social-icon\"><a class=\"email\" href=\"mailto:?subject=Highline Festival auf Burg Hohnstein&amp;body=https%3A%2F%2Fwww.flyingstreet.art%2Fde%2Fevents%2Fhighline-festival-auf-burg-hohnstein%2F\" title=\"E-Mail\"><i class=\"mec-fa-envelope\"><\/i><\/a><\/li>                                <\/ul>\r\n                            <\/li>\r\n                        <\/ul>\r\n                                                                                                <a class=\"mec-booking-button\" data-event-id=\"3365\" href=\"https:\/\/www.flyingstreet.art\/de\/events\/highline-festival-auf-burg-hohnstein\/\" target=\"_blank\" rel=\"noopener\">Details <\/a>                    <\/div>\r\n                            <\/article>\r\n            \t\t\r\n                        <div class=\"mec-month-divider\" data-toggle-divider=\"mec-toggle-202001-1293\"><span>Januar 2020<\/span><i class=\"mec-sl-arrow-down\"><\/i><\/div>\r\n            \r\n                        <article class=\"mec-past-event mec-event-article  mec-clear  mec-divider-toggle mec-toggle-202001-1293\">\r\n                                                        <div class=\"mec-topsec\">\r\n                        <div class=\"col-md-3 mec-event-image-wrap mec-col-table-c\">\r\n                            <div class=\"mec-event-image\"><a data-event-id=\"3071\" href=\"https:\/\/www.flyingstreet.art\/de\/events\/kuenstlermesse-mit-luftartistik\/\" target=\"_blank\" rel=\"noopener\"><img loading=\"lazy\" decoding=\"async\" width=\"300\" height=\"300\" src=\"https:\/\/www.flyingstreet.art\/wp-content\/uploads\/2020\/01\/Petra-300x300.jpeg\" class=\"attachment-thumblist size-thumblist wp-post-image\" alt=\"K\u00fcnstlermesse mit Luftartistik\" data-mec-postid=\"3071\" \/><\/a><\/div>\r\n                        <\/div>\r\n                        <div class=\"col-md-6 mec-col-table-c mec-event-content-wrap\">\r\n                            <div class=\"mec-event-content\">\r\n                                                                <h3 class=\"mec-event-title\"><a class=\"mec-color-hover\" data-event-id=\"3071\" href=\"https:\/\/www.flyingstreet.art\/de\/events\/kuenstlermesse-mit-luftartistik\/\" target=\"_blank\" rel=\"noopener\">26.-29.1.20 IKF K\u00fcnstlermesse mit Luftartistik<\/a><span class=\"event-color\" style=\"background: #\"><\/span><\/h3>\r\n                                <div class=\"mec-event-description\">Wie immer sind wir auch jetzt wieder auf der Kulturb\u00f6rse in Freiburg, eine K\u00fcnstlermesse mit Luftartistik. <span>...<\/span><\/div>\r\n                            <\/div>\r\n                        <\/div>\r\n                        <div class=\"col-md-3 mec-col-table-c mec-event-meta-wrap\">\r\n                            <div class=\"mec-event-meta mec-color-before\">\r\n                                <div class=\"mec-date-details\">\r\n                                                                            <span class=\"mec-event-d\"><span class=\"mec-start-date-label\" itemprop=\"startDate\">16 Jan.<\/span><\/span>\r\n                                                                    <\/div>\r\n                                                                <div class=\"mec-time-details\"><span class=\"mec-start-time\">All Day<\/span><\/div>                                                                                                                                                                                                                            <\/div>\r\n                        <\/div>\r\n                    <\/div>\r\n                    <div class=\"mec-event-footer\">\r\n                                                <ul class=\"mec-event-sharing-wrap\">\r\n                            <li class=\"mec-event-share\">\r\n                                <a href=\"#\" class=\"mec-event-share-icon\">\r\n                                    <i class=\"mec-sl-share\" title=\"social share\"><\/i>\r\n                                <\/a>\r\n                            <\/li>\r\n                            <li>\r\n                                <ul class=\"mec-event-sharing\">\r\n                                    <li class=\"mec-event-social-icon\"><a class=\"facebook\" href=\"https:\/\/www.facebook.com\/sharer\/sharer.php?u=https%3A%2F%2Fwww.flyingstreet.art%2Fde%2Fevents%2Fkuenstlermesse-mit-luftartistik%2F\" title=\"Teilen auf Facebook\"><i class=\"mec-fa-facebook\"><\/i><\/a><\/li><li class=\"mec-event-social-icon\"><a class=\"twitter\" href=\"https:\/\/twitter.com\/share?url=https%3A%2F%2Fwww.flyingstreet.art%2Fde%2Fevents%2Fkuenstlermesse-mit-luftartistik%2F\" target=\"_blank\" title=\"Tweet\"><i class=\"mec-fa-twitter\"><\/i><\/a><\/li><li class=\"mec-event-social-icon\"><a class=\"linkedin\" href=\"https:\/\/www.linkedin.com\/shareArticle?mini=true&amp;url=https%3A%2F%2Fwww.flyingstreet.art%2Fde%2Fevents%2Fkuenstlermesse-mit-luftartistik%2F\" target=\"_blank\" title=\"Linkedin\"><i class=\"mec-fa-linkedin\"><\/i><\/a><\/li><li class=\"mec-event-social-icon\"><a class=\"pinterest\" href=\"http:\/\/pinterest.com\/pin\/create\/button\/?url=https%3A%2F%2Fwww.flyingstreet.art%2Fde%2Fevents%2Fkuenstlermesse-mit-luftartistik%2F\" title=\"Share on Pinterest\"><i class=\"mec-fa-pinterest\"><\/i><\/a><\/li><li class=\"mec-event-social-icon\"><a class=\"whatsapp\" href=\"\/\/send\/?text=https%3A%2F%2Fwww.flyingstreet.art%2Fde%2Fevents%2Fkuenstlermesse-mit-luftartistik%2F\" title=\"Share on WhatsApp\"><i class=\"mec-fa-whatsapp\"><\/i><\/a><\/li><li class=\"mec-event-social-icon\"><a class=\"email\" href=\"mailto:?subject=26.-29.1.20 IKF K\u00fcnstlermesse mit Luftartistik&amp;body=https%3A%2F%2Fwww.flyingstreet.art%2Fde%2Fevents%2Fkuenstlermesse-mit-luftartistik%2F\" title=\"E-Mail\"><i class=\"mec-fa-envelope\"><\/i><\/a><\/li>                                <\/ul>\r\n                            <\/li>\r\n                        <\/ul>\r\n                                                                                                <a class=\"mec-booking-button\" data-event-id=\"3071\" href=\"https:\/\/www.flyingstreet.art\/de\/events\/kuenstlermesse-mit-luftartistik\/\" target=\"_blank\" rel=\"noopener\">Details <\/a>                    <\/div>\r\n                            <\/article>\r\n            \t\t\r\n                        <div class=\"mec-month-divider\" data-toggle-divider=\"mec-toggle-201909-1293\"><span>September 2019<\/span><i class=\"mec-sl-arrow-down\"><\/i><\/div>\r\n            \r\n                        <article class=\"mec-past-event mec-event-article  mec-clear  mec-divider-toggle mec-toggle-201909-1293\">\r\n                                                        <div class=\"mec-topsec\">\r\n                        <div class=\"col-md-3 mec-event-image-wrap mec-col-table-c\">\r\n                            <div class=\"mec-event-image\"><a data-event-id=\"3067\" href=\"https:\/\/www.flyingstreet.art\/de\/events\/luftartistik-auf-dem-lollapalooza\/\" target=\"_blank\" rel=\"noopener\"><img loading=\"lazy\" decoding=\"async\" width=\"300\" height=\"300\" src=\"https:\/\/www.flyingstreet.art\/wp-content\/uploads\/2020\/01\/image00018-300x300.jpeg\" class=\"attachment-thumblist size-thumblist wp-post-image\" alt=\"Luftartistik auf dem Lollapalooza\" data-mec-postid=\"3067\" \/><\/a><\/div>\r\n                        <\/div>\r\n                        <div class=\"col-md-6 mec-col-table-c mec-event-content-wrap\">\r\n                            <div class=\"mec-event-content\">\r\n                                                                <h3 class=\"mec-event-title\"><a class=\"mec-color-hover\" data-event-id=\"3067\" href=\"https:\/\/www.flyingstreet.art\/de\/events\/luftartistik-auf-dem-lollapalooza\/\" target=\"_blank\" rel=\"noopener\">Luftartistik auf dem Lollapalooza Festival in Berlin<\/a><span class=\"event-color\" style=\"background: #\"><\/span><\/h3>\r\n                                <div class=\"mec-event-description\">Zum 2. Mal bereits ist Luftartistik auf dem Lollapalooza an Vertikal-T\u00fcchern zu sehen. Bestechend synchron zeigen sie ihre Luftakrobatik hoch \u00fcber dem Festival. <span>...<\/span><\/div>\r\n                            <\/div>\r\n                        <\/div>\r\n                        <div class=\"col-md-3 mec-col-table-c mec-event-meta-wrap\">\r\n                            <div class=\"mec-event-meta mec-color-before\">\r\n                                <div class=\"mec-date-details\">\r\n                                                                            <span class=\"mec-event-d\"><span class=\"mec-start-date-label\" itemprop=\"startDate\">06 Sep.<\/span><\/span>\r\n                                                                    <\/div>\r\n                                                                <div class=\"mec-time-details\"><span class=\"mec-start-time\">All Day<\/span><\/div>                                                                                                <div class=\"mec-venue-details\">\r\n                                    <span>Berlin<\/span><address class=\"mec-event-address\"><span><\/span><\/address>\r\n                                <\/div>\r\n                                                                                                                                                                                            <\/div>\r\n                        <\/div>\r\n                    <\/div>\r\n                    <div class=\"mec-event-footer\">\r\n                                                <ul class=\"mec-event-sharing-wrap\">\r\n                            <li class=\"mec-event-share\">\r\n                                <a href=\"#\" class=\"mec-event-share-icon\">\r\n                                    <i class=\"mec-sl-share\" title=\"social share\"><\/i>\r\n                                <\/a>\r\n                            <\/li>\r\n                            <li>\r\n                                <ul class=\"mec-event-sharing\">\r\n                                    <li class=\"mec-event-social-icon\"><a class=\"facebook\" href=\"https:\/\/www.facebook.com\/sharer\/sharer.php?u=https%3A%2F%2Fwww.flyingstreet.art%2Fde%2Fevents%2Fluftartistik-auf-dem-lollapalooza%2F\" title=\"Teilen auf Facebook\"><i class=\"mec-fa-facebook\"><\/i><\/a><\/li><li class=\"mec-event-social-icon\"><a class=\"twitter\" href=\"https:\/\/twitter.com\/share?url=https%3A%2F%2Fwww.flyingstreet.art%2Fde%2Fevents%2Fluftartistik-auf-dem-lollapalooza%2F\" target=\"_blank\" title=\"Tweet\"><i class=\"mec-fa-twitter\"><\/i><\/a><\/li><li class=\"mec-event-social-icon\"><a class=\"linkedin\" href=\"https:\/\/www.linkedin.com\/shareArticle?mini=true&amp;url=https%3A%2F%2Fwww.flyingstreet.art%2Fde%2Fevents%2Fluftartistik-auf-dem-lollapalooza%2F\" target=\"_blank\" title=\"Linkedin\"><i class=\"mec-fa-linkedin\"><\/i><\/a><\/li><li class=\"mec-event-social-icon\"><a class=\"pinterest\" href=\"http:\/\/pinterest.com\/pin\/create\/button\/?url=https%3A%2F%2Fwww.flyingstreet.art%2Fde%2Fevents%2Fluftartistik-auf-dem-lollapalooza%2F\" title=\"Share on Pinterest\"><i class=\"mec-fa-pinterest\"><\/i><\/a><\/li><li class=\"mec-event-social-icon\"><a class=\"whatsapp\" href=\"\/\/send\/?text=https%3A%2F%2Fwww.flyingstreet.art%2Fde%2Fevents%2Fluftartistik-auf-dem-lollapalooza%2F\" title=\"Share on WhatsApp\"><i class=\"mec-fa-whatsapp\"><\/i><\/a><\/li><li class=\"mec-event-social-icon\"><a class=\"email\" href=\"mailto:?subject=Luftartistik auf dem Lollapalooza Festival in Berlin&amp;body=https%3A%2F%2Fwww.flyingstreet.art%2Fde%2Fevents%2Fluftartistik-auf-dem-lollapalooza%2F\" title=\"E-Mail\"><i class=\"mec-fa-envelope\"><\/i><\/a><\/li>                                <\/ul>\r\n                            <\/li>\r\n                        <\/ul>\r\n                                                                                                <a class=\"mec-booking-button\" data-event-id=\"3067\" href=\"https:\/\/www.flyingstreet.art\/de\/events\/luftartistik-auf-dem-lollapalooza\/\" target=\"_blank\" rel=\"noopener\">Details <\/a>                    <\/div>\r\n                            <\/article>\r\n            \t\t\r\n                        <div class=\"mec-month-divider\" data-toggle-divider=\"mec-toggle-201807-1293\"><span>Juli 2018<\/span><i class=\"mec-sl-arrow-down\"><\/i><\/div>\r\n            \r\n                        <article class=\"mec-past-event mec-event-article  mec-clear  mec-divider-toggle mec-toggle-201807-1293\">\r\n                                                        <div class=\"mec-topsec\">\r\n                        <div class=\"col-md-3 mec-event-image-wrap mec-col-table-c\">\r\n                            <div class=\"mec-event-image\"><a data-event-id=\"3065\" href=\"https:\/\/www.flyingstreet.art\/de\/events\/grundsteinlegung-mit-luftartistik\/\" target=\"_blank\" rel=\"noopener\"><img loading=\"lazy\" decoding=\"async\" width=\"300\" height=\"300\" src=\"https:\/\/www.flyingstreet.art\/wp-content\/uploads\/2018\/07\/Globe-Bold-startbouw-1-300x300.jpeg\" class=\"attachment-thumblist size-thumblist wp-post-image\" alt=\"Grundsteinlegung mit Luftartistik\" data-mec-postid=\"3065\" \/><\/a><\/div>\r\n                        <\/div>\r\n                        <div class=\"col-md-6 mec-col-table-c mec-event-content-wrap\">\r\n                            <div class=\"mec-event-content\">\r\n                                                                <h3 class=\"mec-event-title\"><a class=\"mec-color-hover\" data-event-id=\"3065\" href=\"https:\/\/www.flyingstreet.art\/de\/events\/grundsteinlegung-mit-luftartistik\/\" target=\"_blank\" rel=\"noopener\">Grundsteinlegung mit Luftartistik am Globe in Amsterdam<\/a><span class=\"event-color\" style=\"background: #\"><\/span><\/h3>\r\n                                <div class=\"mec-event-description\">Heute zeigen Sylvia+Petra mal wieder ihre Luftakrobatik am Globe. Gesichert mit Klettergurten wie beim Walldance tanzen sie in und um die Kugel herum und zeigten zur Grundsteinlegung mit Luftartistik atemberaubende Artistik. <span>...<\/span><\/div>\r\n                            <\/div>\r\n                        <\/div>\r\n                        <div class=\"col-md-3 mec-col-table-c mec-event-meta-wrap\">\r\n                            <div class=\"mec-event-meta mec-color-before\">\r\n                                <div class=\"mec-date-details\">\r\n                                                                            <span class=\"mec-event-d\"><span class=\"mec-start-date-label\" itemprop=\"startDate\">03 Juli<\/span><\/span>\r\n                                                                    <\/div>\r\n                                                                <div class=\"mec-time-details\"><span class=\"mec-start-time\">All Day<\/span><\/div>                                                                                                                                                                                                                            <\/div>\r\n                        <\/div>\r\n                    <\/div>\r\n                    <div class=\"mec-event-footer\">\r\n                                                <ul class=\"mec-event-sharing-wrap\">\r\n                            <li class=\"mec-event-share\">\r\n                                <a href=\"#\" class=\"mec-event-share-icon\">\r\n                                    <i class=\"mec-sl-share\" title=\"social share\"><\/i>\r\n                                <\/a>\r\n                            <\/li>\r\n                            <li>\r\n                                <ul class=\"mec-event-sharing\">\r\n                                    <li class=\"mec-event-social-icon\"><a class=\"facebook\" href=\"https:\/\/www.facebook.com\/sharer\/sharer.php?u=https%3A%2F%2Fwww.flyingstreet.art%2Fde%2Fevents%2Fgrundsteinlegung-mit-luftartistik%2F\" title=\"Teilen auf Facebook\"><i class=\"mec-fa-facebook\"><\/i><\/a><\/li><li class=\"mec-event-social-icon\"><a class=\"twitter\" href=\"https:\/\/twitter.com\/share?url=https%3A%2F%2Fwww.flyingstreet.art%2Fde%2Fevents%2Fgrundsteinlegung-mit-luftartistik%2F\" target=\"_blank\" title=\"Tweet\"><i class=\"mec-fa-twitter\"><\/i><\/a><\/li><li class=\"mec-event-social-icon\"><a class=\"linkedin\" href=\"https:\/\/www.linkedin.com\/shareArticle?mini=true&amp;url=https%3A%2F%2Fwww.flyingstreet.art%2Fde%2Fevents%2Fgrundsteinlegung-mit-luftartistik%2F\" target=\"_blank\" title=\"Linkedin\"><i class=\"mec-fa-linkedin\"><\/i><\/a><\/li><li class=\"mec-event-social-icon\"><a class=\"pinterest\" href=\"http:\/\/pinterest.com\/pin\/create\/button\/?url=https%3A%2F%2Fwww.flyingstreet.art%2Fde%2Fevents%2Fgrundsteinlegung-mit-luftartistik%2F\" title=\"Share on Pinterest\"><i class=\"mec-fa-pinterest\"><\/i><\/a><\/li><li class=\"mec-event-social-icon\"><a class=\"whatsapp\" href=\"\/\/send\/?text=https%3A%2F%2Fwww.flyingstreet.art%2Fde%2Fevents%2Fgrundsteinlegung-mit-luftartistik%2F\" title=\"Share on WhatsApp\"><i class=\"mec-fa-whatsapp\"><\/i><\/a><\/li><li class=\"mec-event-social-icon\"><a class=\"email\" href=\"mailto:?subject=Grundsteinlegung mit Luftartistik am Globe in Amsterdam&amp;body=https%3A%2F%2Fwww.flyingstreet.art%2Fde%2Fevents%2Fgrundsteinlegung-mit-luftartistik%2F\" title=\"E-Mail\"><i class=\"mec-fa-envelope\"><\/i><\/a><\/li>                                <\/ul>\r\n                            <\/li>\r\n                        <\/ul>\r\n                                                                                                <a class=\"mec-booking-button\" data-event-id=\"3065\" href=\"https:\/\/www.flyingstreet.art\/de\/events\/grundsteinlegung-mit-luftartistik\/\" target=\"_blank\" rel=\"noopener\">Details <\/a>                    <\/div>\r\n                            <\/article>\r\n            \t\t\r\n                        <div class=\"mec-month-divider\" data-toggle-divider=\"mec-toggle-201703-1293\"><span>M\u00e4rz 2017<\/span><i class=\"mec-sl-arrow-down\"><\/i><\/div>\r\n            \r\n                        <article class=\"mec-past-event mec-event-article  mec-clear  mec-divider-toggle mec-toggle-201703-1293\">\r\n                                                        <div class=\"mec-topsec\">\r\n                        <div class=\"col-md-3 mec-event-image-wrap mec-col-table-c\">\r\n                            <div class=\"mec-event-image\"><a data-event-id=\"2998\" href=\"https:\/\/www.flyingstreet.art\/de\/events\/luftartistik-in-oostende\/\" target=\"_blank\" rel=\"noopener\"><img loading=\"lazy\" decoding=\"async\" width=\"300\" height=\"300\" src=\"https:\/\/www.flyingstreet.art\/wp-content\/uploads\/2017\/05\/Oostende-Mercator-22-300x300.jpg\" class=\"attachment-thumblist size-thumblist wp-post-image\" alt=\"\" data-mec-postid=\"2998\" \/><\/a><\/div>\r\n                        <\/div>\r\n                        <div class=\"col-md-6 mec-col-table-c mec-event-content-wrap\">\r\n                            <div class=\"mec-event-content\">\r\n                                                                <h3 class=\"mec-event-title\"><a class=\"mec-color-hover\" data-event-id=\"2998\" href=\"https:\/\/www.flyingstreet.art\/de\/events\/luftartistik-in-oostende\/\" target=\"_blank\" rel=\"noopener\">Luftartistik in Oostende zur Heimkehr der Mercator<\/a><span class=\"event-color\" style=\"background: #\"><\/span><\/h3>\r\n                                <div class=\"mec-event-description\">Luftartistik in Oostende: 3 x mal haben die Luftartistinnen ihre Performance gezeigt. Waghalsig \u00fcber dem Publikum und doch immer alles \"im Griff\" ! Mit spielerischer Anmut haben die 3 Zirkusk\u00fcnstlerinnen diesem Outdoor-Event eine besondere Atmosph\u00e4re verschafft. <span>...<\/span><\/div>\r\n                            <\/div>\r\n                        <\/div>\r\n                        <div class=\"col-md-3 mec-col-table-c mec-event-meta-wrap\">\r\n                            <div class=\"mec-event-meta mec-color-before\">\r\n                                <div class=\"mec-date-details\">\r\n                                                                            <span class=\"mec-event-d\"><span class=\"mec-start-date-label\" itemprop=\"startDate\">31 M\u00e4rz<\/span><\/span>\r\n                                                                    <\/div>\r\n                                                                <div class=\"mec-time-details\"><span class=\"mec-start-time\">All Day<\/span><\/div>                                                                                                <div class=\"mec-venue-details\">\r\n                                    <span>Oostende<\/span><address class=\"mec-event-address\"><span><\/span><\/address>\r\n                                <\/div>\r\n                                                                                                                                                                                            <\/div>\r\n                        <\/div>\r\n                    <\/div>\r\n                    <div class=\"mec-event-footer\">\r\n                                                <ul class=\"mec-event-sharing-wrap\">\r\n                            <li class=\"mec-event-share\">\r\n                                <a href=\"#\" class=\"mec-event-share-icon\">\r\n                                    <i class=\"mec-sl-share\" title=\"social share\"><\/i>\r\n                                <\/a>\r\n                            <\/li>\r\n                            <li>\r\n                                <ul class=\"mec-event-sharing\">\r\n                                    <li class=\"mec-event-social-icon\"><a class=\"facebook\" href=\"https:\/\/www.facebook.com\/sharer\/sharer.php?u=https%3A%2F%2Fwww.flyingstreet.art%2Fde%2Fevents%2Fluftartistik-in-oostende%2F\" title=\"Teilen auf Facebook\"><i class=\"mec-fa-facebook\"><\/i><\/a><\/li><li class=\"mec-event-social-icon\"><a class=\"twitter\" href=\"https:\/\/twitter.com\/share?url=https%3A%2F%2Fwww.flyingstreet.art%2Fde%2Fevents%2Fluftartistik-in-oostende%2F\" target=\"_blank\" title=\"Tweet\"><i class=\"mec-fa-twitter\"><\/i><\/a><\/li><li class=\"mec-event-social-icon\"><a class=\"linkedin\" href=\"https:\/\/www.linkedin.com\/shareArticle?mini=true&amp;url=https%3A%2F%2Fwww.flyingstreet.art%2Fde%2Fevents%2Fluftartistik-in-oostende%2F\" target=\"_blank\" title=\"Linkedin\"><i class=\"mec-fa-linkedin\"><\/i><\/a><\/li><li class=\"mec-event-social-icon\"><a class=\"pinterest\" href=\"http:\/\/pinterest.com\/pin\/create\/button\/?url=https%3A%2F%2Fwww.flyingstreet.art%2Fde%2Fevents%2Fluftartistik-in-oostende%2F\" title=\"Share on Pinterest\"><i class=\"mec-fa-pinterest\"><\/i><\/a><\/li><li class=\"mec-event-social-icon\"><a class=\"whatsapp\" href=\"\/\/send\/?text=https%3A%2F%2Fwww.flyingstreet.art%2Fde%2Fevents%2Fluftartistik-in-oostende%2F\" title=\"Share on WhatsApp\"><i class=\"mec-fa-whatsapp\"><\/i><\/a><\/li><li class=\"mec-event-social-icon\"><a class=\"email\" href=\"mailto:?subject=Luftartistik in Oostende zur Heimkehr der Mercator&amp;body=https%3A%2F%2Fwww.flyingstreet.art%2Fde%2Fevents%2Fluftartistik-in-oostende%2F\" title=\"E-Mail\"><i class=\"mec-fa-envelope\"><\/i><\/a><\/li>                                <\/ul>\r\n                            <\/li>\r\n                        <\/ul>\r\n                                                                                                <a class=\"mec-booking-button\" data-event-id=\"2998\" href=\"https:\/\/www.flyingstreet.art\/de\/events\/luftartistik-in-oostende\/\" target=\"_blank\" rel=\"noopener\">Details <\/a>                    <\/div>\r\n                            <\/article>\r\n            \t\t\r\n            \r\n                        <article class=\"mec-past-event mec-event-article  mec-clear  mec-divider-toggle mec-toggle-201703-1293\">\r\n                                                        <div class=\"mec-topsec\">\r\n                        <div class=\"col-md-3 mec-event-image-wrap mec-col-table-c\">\r\n                            <div class=\"mec-event-image\"><a data-event-id=\"2996\" href=\"https:\/\/www.flyingstreet.art\/de\/events\/tendance-holiday-beim-st-art-festival\/\" target=\"_blank\" rel=\"noopener\"><img loading=\"lazy\" decoding=\"async\" width=\"300\" height=\"300\" src=\"https:\/\/www.flyingstreet.art\/wp-content\/uploads\/2017\/05\/29027655_1998670753781969_3306042138269057024_n-300x300.jpg\" class=\"attachment-thumblist size-thumblist wp-post-image\" alt=\"Tendance Holiday beim st-ART-Festival Spagat\" data-mec-postid=\"2996\" \/><\/a><\/div>\r\n                        <\/div>\r\n                        <div class=\"col-md-6 mec-col-table-c mec-event-content-wrap\">\r\n                            <div class=\"mec-event-content\">\r\n                                                                <h3 class=\"mec-event-title\"><a class=\"mec-color-hover\" data-event-id=\"2996\" href=\"https:\/\/www.flyingstreet.art\/de\/events\/tendance-holiday-beim-st-art-festival\/\" target=\"_blank\" rel=\"noopener\">Tendance Holiday beim st-ART-Festival in Tegelen\/NL<\/a><span class=\"event-color\" style=\"background: #\"><\/span><\/h3>\r\n                                <div class=\"mec-event-description\">Auch in diesem Jahr pr\u00e4sentieren sich beim st-ART-Festival allerlei Stra\u00dfenkunst-Sparten: Komiker, Walkacts, Akrobaten, HulaHoop-Artistinnen, Seilt\u00e4nzer und: Luftartistinnen! Sylvia+Petra zeigen Tendance Holiday beim st-ART-Festival. <span>...<\/span><\/div>\r\n                            <\/div>\r\n                        <\/div>\r\n                        <div class=\"col-md-3 mec-col-table-c mec-event-meta-wrap\">\r\n                            <div class=\"mec-event-meta mec-color-before\">\r\n                                <div class=\"mec-date-details\">\r\n                                                                            <span class=\"mec-event-d\"><span class=\"mec-start-date-label\" itemprop=\"startDate\">11 M\u00e4rz<\/span><\/span>\r\n                                                                    <\/div>\r\n                                                                <div class=\"mec-time-details\"><span class=\"mec-start-time\">All Day<\/span><\/div>                                                                                                <div class=\"mec-venue-details\">\r\n                                    <span>De Doolhof Tegelen<\/span><address class=\"mec-event-address\"><span>De Drink 60, 5932 CP Tegelen<\/span><\/address>\r\n                                <\/div>\r\n                                                                                                                                                                                            <\/div>\r\n                        <\/div>\r\n                    <\/div>\r\n                    <div class=\"mec-event-footer\">\r\n                                                <ul class=\"mec-event-sharing-wrap\">\r\n                            <li class=\"mec-event-share\">\r\n                                <a href=\"#\" class=\"mec-event-share-icon\">\r\n                                    <i class=\"mec-sl-share\" title=\"social share\"><\/i>\r\n                                <\/a>\r\n                            <\/li>\r\n                            <li>\r\n                                <ul class=\"mec-event-sharing\">\r\n                                    <li class=\"mec-event-social-icon\"><a class=\"facebook\" href=\"https:\/\/www.facebook.com\/sharer\/sharer.php?u=https%3A%2F%2Fwww.flyingstreet.art%2Fde%2Fevents%2Ftendance-holiday-beim-st-art-festival%2F\" title=\"Teilen auf Facebook\"><i class=\"mec-fa-facebook\"><\/i><\/a><\/li><li class=\"mec-event-social-icon\"><a class=\"twitter\" href=\"https:\/\/twitter.com\/share?url=https%3A%2F%2Fwww.flyingstreet.art%2Fde%2Fevents%2Ftendance-holiday-beim-st-art-festival%2F\" target=\"_blank\" title=\"Tweet\"><i class=\"mec-fa-twitter\"><\/i><\/a><\/li><li class=\"mec-event-social-icon\"><a class=\"linkedin\" href=\"https:\/\/www.linkedin.com\/shareArticle?mini=true&amp;url=https%3A%2F%2Fwww.flyingstreet.art%2Fde%2Fevents%2Ftendance-holiday-beim-st-art-festival%2F\" target=\"_blank\" title=\"Linkedin\"><i class=\"mec-fa-linkedin\"><\/i><\/a><\/li><li class=\"mec-event-social-icon\"><a class=\"pinterest\" href=\"http:\/\/pinterest.com\/pin\/create\/button\/?url=https%3A%2F%2Fwww.flyingstreet.art%2Fde%2Fevents%2Ftendance-holiday-beim-st-art-festival%2F\" title=\"Share on Pinterest\"><i class=\"mec-fa-pinterest\"><\/i><\/a><\/li><li class=\"mec-event-social-icon\"><a class=\"whatsapp\" href=\"\/\/send\/?text=https%3A%2F%2Fwww.flyingstreet.art%2Fde%2Fevents%2Ftendance-holiday-beim-st-art-festival%2F\" title=\"Share on WhatsApp\"><i class=\"mec-fa-whatsapp\"><\/i><\/a><\/li><li class=\"mec-event-social-icon\"><a class=\"email\" href=\"mailto:?subject=Tendance Holiday beim st-ART-Festival in Tegelen\/NL&amp;body=https%3A%2F%2Fwww.flyingstreet.art%2Fde%2Fevents%2Ftendance-holiday-beim-st-art-festival%2F\" title=\"E-Mail\"><i class=\"mec-fa-envelope\"><\/i><\/a><\/li>                                <\/ul>\r\n                            <\/li>\r\n                        <\/ul>\r\n                                                                                                <a class=\"mec-booking-button\" data-event-id=\"2996\" href=\"https:\/\/www.flyingstreet.art\/de\/events\/tendance-holiday-beim-st-art-festival\/\" target=\"_blank\" rel=\"noopener\">Details <\/a>                    <\/div>\r\n                            <\/article>\r\n            \t\t\r\n            \r\n                        <article class=\"mec-past-event mec-event-article  mec-clear  mec-divider-toggle mec-toggle-201703-1293\">\r\n                                                        <div class=\"mec-topsec\">\r\n                        <div class=\"col-md-3 mec-event-image-wrap mec-col-table-c\">\r\n                            <div class=\"mec-event-image\"><a data-event-id=\"2997\" href=\"https:\/\/www.flyingstreet.art\/de\/events\/luftakrobatik-am-tuch\/\" target=\"_blank\" rel=\"noopener\"><img loading=\"lazy\" decoding=\"async\" width=\"300\" height=\"300\" src=\"https:\/\/www.flyingstreet.art\/wp-content\/uploads\/2017\/05\/MariPosa-2-300x300.jpg\" class=\"attachment-thumblist size-thumblist wp-post-image\" alt=\"Luftakrobatik am Tuch\" data-mec-postid=\"2997\" \/><\/a><\/div>\r\n                        <\/div>\r\n                        <div class=\"col-md-6 mec-col-table-c mec-event-content-wrap\">\r\n                            <div class=\"mec-event-content\">\r\n                                                                <h3 class=\"mec-event-title\"><a class=\"mec-color-hover\" data-event-id=\"2997\" href=\"https:\/\/www.flyingstreet.art\/de\/events\/luftakrobatik-am-tuch\/\" target=\"_blank\" rel=\"noopener\">Luftakrobatik am Tuch bei Galaveranstaltung von Alliander in Arnhem\/ NL<\/a><span class=\"event-color\" style=\"background: #\"><\/span><\/h3>\r\n                                <div class=\"mec-event-description\">Luftakrobatik am Tuch zur \u00dcberraschung der G\u00e4ste eine Variet\u00e9-Showact-Einlage: Hoch unter dem Glasdach des Stromnetzbetreibers tanzten die Luftartistinnen bestechend synchron ihre wundervoll poetische Choreographie an 2 Vertikal-T\u00fcchern. Atemberaubend wie ein Zirkus-Besuch! <span>...<\/span><\/div>\r\n                            <\/div>\r\n                        <\/div>\r\n                        <div class=\"col-md-3 mec-col-table-c mec-event-meta-wrap\">\r\n                            <div class=\"mec-event-meta mec-color-before\">\r\n                                <div class=\"mec-date-details\">\r\n                                                                            <span class=\"mec-event-d\"><span class=\"mec-start-date-label\" itemprop=\"startDate\">08 M\u00e4rz<\/span><\/span>\r\n                                                                    <\/div>\r\n                                                                <div class=\"mec-time-details\"><span class=\"mec-start-time\">All Day<\/span><\/div>                                                                                                                                                                                                                            <\/div>\r\n                        <\/div>\r\n                    <\/div>\r\n                    <div class=\"mec-event-footer\">\r\n                                                <ul class=\"mec-event-sharing-wrap\">\r\n                            <li class=\"mec-event-share\">\r\n                                <a href=\"#\" class=\"mec-event-share-icon\">\r\n                                    <i class=\"mec-sl-share\" title=\"social share\"><\/i>\r\n                                <\/a>\r\n                            <\/li>\r\n                            <li>\r\n                                <ul class=\"mec-event-sharing\">\r\n                                    <li class=\"mec-event-social-icon\"><a class=\"facebook\" href=\"https:\/\/www.facebook.com\/sharer\/sharer.php?u=https%3A%2F%2Fwww.flyingstreet.art%2Fde%2Fevents%2Fluftakrobatik-am-tuch%2F\" title=\"Teilen auf Facebook\"><i class=\"mec-fa-facebook\"><\/i><\/a><\/li><li class=\"mec-event-social-icon\"><a class=\"twitter\" href=\"https:\/\/twitter.com\/share?url=https%3A%2F%2Fwww.flyingstreet.art%2Fde%2Fevents%2Fluftakrobatik-am-tuch%2F\" target=\"_blank\" title=\"Tweet\"><i class=\"mec-fa-twitter\"><\/i><\/a><\/li><li class=\"mec-event-social-icon\"><a class=\"linkedin\" href=\"https:\/\/www.linkedin.com\/shareArticle?mini=true&amp;url=https%3A%2F%2Fwww.flyingstreet.art%2Fde%2Fevents%2Fluftakrobatik-am-tuch%2F\" target=\"_blank\" title=\"Linkedin\"><i class=\"mec-fa-linkedin\"><\/i><\/a><\/li><li class=\"mec-event-social-icon\"><a class=\"pinterest\" href=\"http:\/\/pinterest.com\/pin\/create\/button\/?url=https%3A%2F%2Fwww.flyingstreet.art%2Fde%2Fevents%2Fluftakrobatik-am-tuch%2F\" title=\"Share on Pinterest\"><i class=\"mec-fa-pinterest\"><\/i><\/a><\/li><li class=\"mec-event-social-icon\"><a class=\"whatsapp\" href=\"\/\/send\/?text=https%3A%2F%2Fwww.flyingstreet.art%2Fde%2Fevents%2Fluftakrobatik-am-tuch%2F\" title=\"Share on WhatsApp\"><i class=\"mec-fa-whatsapp\"><\/i><\/a><\/li><li class=\"mec-event-social-icon\"><a class=\"email\" href=\"mailto:?subject=Luftakrobatik am Tuch bei Galaveranstaltung von Alliander in Arnhem\/ NL&amp;body=https%3A%2F%2Fwww.flyingstreet.art%2Fde%2Fevents%2Fluftakrobatik-am-tuch%2F\" title=\"E-Mail\"><i class=\"mec-fa-envelope\"><\/i><\/a><\/li>                                <\/ul>\r\n                            <\/li>\r\n                        <\/ul>\r\n                                                                                                <a class=\"mec-booking-button\" data-event-id=\"2997\" href=\"https:\/\/www.flyingstreet.art\/de\/events\/luftakrobatik-am-tuch\/\" target=\"_blank\" rel=\"noopener\">Details <\/a>                    <\/div>\r\n                            <\/article>\r\n            \t\t\r\n                        <div class=\"mec-month-divider\" data-toggle-divider=\"mec-toggle-201611-1293\"><span>November 2016<\/span><i class=\"mec-sl-arrow-down\"><\/i><\/div>\r\n            \r\n                        <article class=\"mec-past-event mec-event-article  mec-clear  mec-divider-toggle mec-toggle-201611-1293\">\r\n                                                        <div class=\"mec-topsec\">\r\n                        <div class=\"col-md-3 mec-event-image-wrap mec-col-table-c\">\r\n                            <div class=\"mec-event-image\"><a data-event-id=\"2993\" href=\"https:\/\/www.flyingstreet.art\/de\/events\/gala-show-beim-event\/\" target=\"_blank\" rel=\"noopener\"><img loading=\"lazy\" decoding=\"async\" width=\"300\" height=\"300\" src=\"https:\/\/www.flyingstreet.art\/wp-content\/uploads\/2017\/05\/Silk03-300x300.jpg\" class=\"attachment-thumblist size-thumblist wp-post-image\" alt=\"Gala-Show beim Event\" data-mec-postid=\"2993\" \/><\/a><\/div>\r\n                        <\/div>\r\n                        <div class=\"col-md-6 mec-col-table-c mec-event-content-wrap\">\r\n                            <div class=\"mec-event-content\">\r\n                                                                <h3 class=\"mec-event-title\"><a class=\"mec-color-hover\" data-event-id=\"2993\" href=\"https:\/\/www.flyingstreet.art\/de\/events\/gala-show-beim-event\/\" target=\"_blank\" rel=\"noopener\">Gala-Show beim Event im Wasserwerk Berlin<\/a><span class=\"event-color\" style=\"background: #\"><\/span><\/h3>\r\n                                <div class=\"mec-event-description\">Einmal mehr zeigt SOLAIR , dass sie auf allen B\u00fchnen zu Hause ist: ob Festival, Strassenkunst, Variet\u00e9 oder wie bei dieser Gala-Show beim Event: immer wird das Publikum durch ihre Performance verzaubert bei dieser poetischen Luftakrobatik! <span>...<\/span><\/div>\r\n                            <\/div>\r\n                        <\/div>\r\n                        <div class=\"col-md-3 mec-col-table-c mec-event-meta-wrap\">\r\n                            <div class=\"mec-event-meta mec-color-before\">\r\n                                <div class=\"mec-date-details\">\r\n                                                                            <span class=\"mec-event-d\"><span class=\"mec-start-date-label\" itemprop=\"startDate\">14 Nov.<\/span><\/span>\r\n                                                                    <\/div>\r\n                                                                <div class=\"mec-time-details\"><span class=\"mec-start-time\">All Day<\/span><\/div>                                                                                                                                                                                                                            <\/div>\r\n                        <\/div>\r\n                    <\/div>\r\n                    <div class=\"mec-event-footer\">\r\n                                                <ul class=\"mec-event-sharing-wrap\">\r\n                            <li class=\"mec-event-share\">\r\n                                <a href=\"#\" class=\"mec-event-share-icon\">\r\n                                    <i class=\"mec-sl-share\" title=\"social share\"><\/i>\r\n                                <\/a>\r\n                            <\/li>\r\n                            <li>\r\n                                <ul class=\"mec-event-sharing\">\r\n                                    <li class=\"mec-event-social-icon\"><a class=\"facebook\" href=\"https:\/\/www.facebook.com\/sharer\/sharer.php?u=https%3A%2F%2Fwww.flyingstreet.art%2Fde%2Fevents%2Fgala-show-beim-event%2F\" title=\"Teilen auf Facebook\"><i class=\"mec-fa-facebook\"><\/i><\/a><\/li><li class=\"mec-event-social-icon\"><a class=\"twitter\" href=\"https:\/\/twitter.com\/share?url=https%3A%2F%2Fwww.flyingstreet.art%2Fde%2Fevents%2Fgala-show-beim-event%2F\" target=\"_blank\" title=\"Tweet\"><i class=\"mec-fa-twitter\"><\/i><\/a><\/li><li class=\"mec-event-social-icon\"><a class=\"linkedin\" href=\"https:\/\/www.linkedin.com\/shareArticle?mini=true&amp;url=https%3A%2F%2Fwww.flyingstreet.art%2Fde%2Fevents%2Fgala-show-beim-event%2F\" target=\"_blank\" title=\"Linkedin\"><i class=\"mec-fa-linkedin\"><\/i><\/a><\/li><li class=\"mec-event-social-icon\"><a class=\"pinterest\" href=\"http:\/\/pinterest.com\/pin\/create\/button\/?url=https%3A%2F%2Fwww.flyingstreet.art%2Fde%2Fevents%2Fgala-show-beim-event%2F\" title=\"Share on Pinterest\"><i class=\"mec-fa-pinterest\"><\/i><\/a><\/li><li class=\"mec-event-social-icon\"><a class=\"whatsapp\" href=\"\/\/send\/?text=https%3A%2F%2Fwww.flyingstreet.art%2Fde%2Fevents%2Fgala-show-beim-event%2F\" title=\"Share on WhatsApp\"><i class=\"mec-fa-whatsapp\"><\/i><\/a><\/li><li class=\"mec-event-social-icon\"><a class=\"email\" href=\"mailto:?subject=Gala-Show beim Event im Wasserwerk Berlin&amp;body=https%3A%2F%2Fwww.flyingstreet.art%2Fde%2Fevents%2Fgala-show-beim-event%2F\" title=\"E-Mail\"><i class=\"mec-fa-envelope\"><\/i><\/a><\/li>                                <\/ul>\r\n                            <\/li>\r\n                        <\/ul>\r\n                                                                                                <a class=\"mec-booking-button\" data-event-id=\"2993\" href=\"https:\/\/www.flyingstreet.art\/de\/events\/gala-show-beim-event\/\" target=\"_blank\" rel=\"noopener\">Details <\/a>                    <\/div>\r\n                            <\/article>\r\n            \t\t\r\n            \r\n                        <article class=\"mec-past-event mec-event-article  mec-clear  mec-divider-toggle mec-toggle-201611-1293\">\r\n                                                        <div class=\"mec-topsec\">\r\n                        <div class=\"col-md-3 mec-event-image-wrap mec-col-table-c\">\r\n                            <div class=\"mec-event-image\"><a data-event-id=\"2992\" href=\"https:\/\/www.flyingstreet.art\/de\/events\/produktprasentation-mit-luftartistik\/\" target=\"_blank\" rel=\"noopener\"><img loading=\"lazy\" decoding=\"async\" width=\"300\" height=\"300\" src=\"https:\/\/www.flyingstreet.art\/wp-content\/uploads\/2017\/05\/827-300x300.jpg\" class=\"attachment-thumblist size-thumblist wp-post-image\" alt=\"Produktpra\u0308sentation mit Luftartistik\" data-mec-postid=\"2992\" \/><\/a><\/div>\r\n                        <\/div>\r\n                        <div class=\"col-md-6 mec-col-table-c mec-event-content-wrap\">\r\n                            <div class=\"mec-event-content\">\r\n                                                                <h3 class=\"mec-event-title\"><a class=\"mec-color-hover\" data-event-id=\"2992\" href=\"https:\/\/www.flyingstreet.art\/de\/events\/produktprasentation-mit-luftartistik\/\" target=\"_blank\" rel=\"noopener\">Produktpra\u0308sentation mit Luftartistik bei Porsche Panamera<\/a><span class=\"event-color\" style=\"background: #\"><\/span><\/h3>\r\n                                <div class=\"mec-event-description\">Ein Spektakel zur Produktpra\u0308sentation mit Luftartistik: wie Fallschirmspringer schweben 4 Luftartistinnen herab, schlagen Saltos und Enth\u00fcllen so die Neuwagen. <span>...<\/span><\/div>\r\n                            <\/div>\r\n                        <\/div>\r\n                        <div class=\"col-md-3 mec-col-table-c mec-event-meta-wrap\">\r\n                            <div class=\"mec-event-meta mec-color-before\">\r\n                                <div class=\"mec-date-details\">\r\n                                                                            <span class=\"mec-event-d\"><span class=\"mec-start-date-label\" itemprop=\"startDate\">02 Nov.<\/span><\/span>\r\n                                                                    <\/div>\r\n                                                                <div class=\"mec-time-details\"><span class=\"mec-start-time\">All Day<\/span><\/div>                                                                                                                                                                                                                            <\/div>\r\n                        <\/div>\r\n                    <\/div>\r\n                    <div class=\"mec-event-footer\">\r\n                                                <ul class=\"mec-event-sharing-wrap\">\r\n                            <li class=\"mec-event-share\">\r\n                                <a href=\"#\" class=\"mec-event-share-icon\">\r\n                                    <i class=\"mec-sl-share\" title=\"social share\"><\/i>\r\n                                <\/a>\r\n                            <\/li>\r\n                            <li>\r\n                                <ul class=\"mec-event-sharing\">\r\n                                    <li class=\"mec-event-social-icon\"><a class=\"facebook\" href=\"https:\/\/www.facebook.com\/sharer\/sharer.php?u=https%3A%2F%2Fwww.flyingstreet.art%2Fde%2Fevents%2Fproduktprasentation-mit-luftartistik%2F\" title=\"Teilen auf Facebook\"><i class=\"mec-fa-facebook\"><\/i><\/a><\/li><li class=\"mec-event-social-icon\"><a class=\"twitter\" href=\"https:\/\/twitter.com\/share?url=https%3A%2F%2Fwww.flyingstreet.art%2Fde%2Fevents%2Fproduktprasentation-mit-luftartistik%2F\" target=\"_blank\" title=\"Tweet\"><i class=\"mec-fa-twitter\"><\/i><\/a><\/li><li class=\"mec-event-social-icon\"><a class=\"linkedin\" href=\"https:\/\/www.linkedin.com\/shareArticle?mini=true&amp;url=https%3A%2F%2Fwww.flyingstreet.art%2Fde%2Fevents%2Fproduktprasentation-mit-luftartistik%2F\" target=\"_blank\" title=\"Linkedin\"><i class=\"mec-fa-linkedin\"><\/i><\/a><\/li><li class=\"mec-event-social-icon\"><a class=\"pinterest\" href=\"http:\/\/pinterest.com\/pin\/create\/button\/?url=https%3A%2F%2Fwww.flyingstreet.art%2Fde%2Fevents%2Fproduktprasentation-mit-luftartistik%2F\" title=\"Share on Pinterest\"><i class=\"mec-fa-pinterest\"><\/i><\/a><\/li><li class=\"mec-event-social-icon\"><a class=\"whatsapp\" href=\"\/\/send\/?text=https%3A%2F%2Fwww.flyingstreet.art%2Fde%2Fevents%2Fproduktprasentation-mit-luftartistik%2F\" title=\"Share on WhatsApp\"><i class=\"mec-fa-whatsapp\"><\/i><\/a><\/li><li class=\"mec-event-social-icon\"><a class=\"email\" href=\"mailto:?subject=Produktpra\u0308sentation mit Luftartistik bei Porsche Panamera&amp;body=https%3A%2F%2Fwww.flyingstreet.art%2Fde%2Fevents%2Fproduktprasentation-mit-luftartistik%2F\" title=\"E-Mail\"><i class=\"mec-fa-envelope\"><\/i><\/a><\/li>                                <\/ul>\r\n                            <\/li>\r\n                        <\/ul>\r\n                                                                                                <a class=\"mec-booking-button\" data-event-id=\"2992\" href=\"https:\/\/www.flyingstreet.art\/de\/events\/produktprasentation-mit-luftartistik\/\" target=\"_blank\" rel=\"noopener\">Details <\/a>                    <\/div>\r\n                            <\/article>\r\n            \t\t\t<\/div>\r\n<\/div>\r\n\r\n    <\/div>\r\n    <div class=\"mec-skin-list-no-events-container mec-util-hidden\" id=\"mec_skin_no_events_1293\">\r\n        Keine Veranstaltung gefunden    <\/div>\r\n        \r\n        <div class=\"mec-load-more-wrap\"><div class=\"mec-load-more-button \">Weitere anzeigen<\/div><\/div>\r\n        \r\n<\/div>\n","protected":false},"excerpt":{"rendered":"","protected":false},"author":1,"featured_media":0,"parent":0,"menu_order":0,"comment_status":"closed","ping_status":"closed","template":"","meta":{"content-type":"","_monsterinsights_skip_tracking":false,"_monsterinsights_sitenote_active":false,"_monsterinsights_sitenote_note":"","_monsterinsights_sitenote_category":0,"ngg_post_thumbnail":0,"footnotes":""},"class_list":["post-2701","page","type-page","status-publish","hentry"],"aioseo_notices":[],"_links":{"self":[{"href":"https:\/\/www.flyingstreet.art\/de\/wp-json\/wp\/v2\/pages\/2701","targetHints":{"allow":["GET"]}}],"collection":[{"href":"https:\/\/www.flyingstreet.art\/de\/wp-json\/wp\/v2\/pages"}],"about":[{"href":"https:\/\/www.flyingstreet.art\/de\/wp-json\/wp\/v2\/types\/page"}],"author":[{"embeddable":true,"href":"https:\/\/www.flyingstreet.art\/de\/wp-json\/wp\/v2\/users\/1"}],"replies":[{"embeddable":true,"href":"https:\/\/www.flyingstreet.art\/de\/wp-json\/wp\/v2\/comments?post=2701"}],"version-history":[{"count":1,"href":"https:\/\/www.flyingstreet.art\/de\/wp-json\/wp\/v2\/pages\/2701\/revisions"}],"predecessor-version":[{"id":2702,"href":"https:\/\/www.flyingstreet.art\/de\/wp-json\/wp\/v2\/pages\/2701\/revisions\/2702"}],"wp:attachment":[{"href":"https:\/\/www.flyingstreet.art\/de\/wp-json\/wp\/v2\/media?parent=2701"}],"curies":[{"name":"wp","href":"https:\/\/api.w.org\/{rel}","templated":true}]}}